{"id":21087,"date":"2025-01-25T18:19:38","date_gmt":"2025-01-25T17:19:38","guid":{"rendered":"https:\/property\/jardin-de-benarrosa-2\/"},"modified":"2025-01-25T18:19:38","modified_gmt":"2025-01-25T17:19:38","slug":"jardin-de-benarrosa-2","status":"publish","type":"property","link":"https:\/\/vacationvillas.es\/es\/property\/jardin-de-benarrosa-2\/","title":{"rendered":"Jard\u00edn de Benarrosa"},"content":{"rendered":"<p>Moderno chalet de obra nueva en venta en Alcalal\u00ed, en la Costa Blanca Norte de Alicante, Espa\u00f1a. Directo del constructor, proyecto de chalet moderno de nueva construcci\u00f3n en venta en Alcalal\u00ed en Urbanizaci\u00f3n Jardines de la Benarrosa, a tan s\u00f3lo 900 m del centro. El chalet en una sola planta, se construir\u00e1 sobre una parcela de unos 800 m2, con orientaci\u00f3n sur, con 240 m2 construidos, dispone de cocina abierta con isla central equipada con electrodom\u00e9sticos Balay, sal\u00f3n comedor, 3 dormitorios 1 con ba\u00f1o en suite, 2 ba\u00f1os, 1 aseo y piscina privada rectangular de 29 m2 de superficie de agua. Opci\u00f3n con garaje y trastero 700.000. Alcalal\u00ed situado en la Vall de Pop, es un municipio al norte de la provincia de Alicante. Es un lugar privilegiado rodeado de naranjos, almendros y olivos donde podr\u00e1s disfrutar de la agradable brisa de las monta\u00f1as y desconectar. <\/p>\n","protected":false},"excerpt":{"rendered":"<p>Moderno chalet de obra nueva en venta en Alcalal\u00ed, en la Costa Blanca Norte de Alicante, Espa\u00f1a. Directo del constructor, proyecto de chalet moderno de nueva construcci\u00f3n en venta en Alcalal\u00ed en Urbanizaci\u00f3n Jardines de la Benarrosa, a tan s\u00f3lo 900 m del centro. El chalet en una sola planta, se construir\u00e1 sobre una parcela de unos 800 m2, con orientaci\u00f3n sur, con 240 m2 construidos, dispone de cocina abierta con isla central equipada con electrodom\u00e9sticos Balay, sal\u00f3n comedor, 3 dormitorios 1 con ba\u00f1o en suite, 2 ba\u00f1os, 1 aseo y piscina privada rectangular de 29 m2 de superficie de agua. Opci\u00f3n con garaje y trastero 700.000. Alcalal\u00ed situado en la Vall de Pop, es un municipio al norte de la provincia de Alicante. Es un lugar privilegiado rodeado de naranjos, almendros y olivos donde podr\u00e1s disfrutar de la agradable brisa de las monta\u00f1as y desconectar. <\/p>\n","protected":false},"author":2,"featured_media":14731,"parent":0,"menu_order":0,"template":"","property_type":[],"property_status":[],"property_feature":[531,323,500,489,255,466,320,468,251,355,287,234,319,467],"property_label":[],"property_country":[],"property_state":[],"property_city":[],"property_area":[],"class_list":["post-21087","property","type-property","status-publish","has-post-thumbnail","hentry","property_feature-aire-acondicionado-frio-calor","property_feature-aparcamiento","property_feature-conductos-de-aire-acondicionado","property_feature-distribucion-diafana","property_feature-doble-acristalamiento","property_feature-ducha-exterior","property_feature-jardin-es","property_feature-orientacion-sur","property_feature-parcela-vallada","property_feature-puerta-de-seguridad","property_feature-terraza","property_feature-terraza-abierta","property_feature-terraza-cubierta","property_feature-tipo-de-terreno-urbano"],"property_meta":{"_alp_processed":["1737971320"],"fave_featured":["0"],"houzez_featured_listing_date":[""],"fave_property_images":["14731","14736","14741","14746","14751","14756","14761"],"fave_single_top_area":["global"],"fave_single_content_area":["global"],"fave_property_price":["725000"],"fave_property_size":["240"],"fave_property_size_prefix":["Sq M"],"fave_property_land":["800"],"fave_property_land_postfix":["Sq M"],"fave_property_bedrooms":["3"],"fave_property_bathrooms":["2"],"fave_property_id":["1992"],"fave_property_map":["1"],"fave_property_map_address":["Alcalal\u00ed, Alicante"],"fave_property_location":[",,14"],"houzez_geolocation_lat":[""],"houzez_geolocation_long":[""],"fave_agent_display_option":["autor_info"],"fave_prop_homeslider":["no"],"houzez_total_property_views":["30"],"houzez_views_by_date":["a:29:{s:10:\"01-28-2025\";i:1;s:10:\"01-30-2025\";i:1;s:10:\"02-02-2025\";i:1;s:10:\"02-07-2025\";i:1;s:10:\"02-12-2025\";i:1;s:10:\"02-14-2025\";i:1;s:10:\"02-15-2025\";i:1;s:10:\"02-20-2025\";i:1;s:10:\"02-25-2025\";i:1;s:10:\"02-27-2025\";i:1;s:10:\"03-03-2025\";i:1;s:10:\"03-08-2025\";i:1;s:10:\"03-12-2025\";i:1;s:10:\"03-14-2025\";i:1;s:10:\"03-19-2025\";i:1;s:10:\"03-20-2025\";i:2;s:10:\"01-01-2026\";i:1;s:10:\"01-13-2026\";i:1;s:10:\"01-14-2026\";i:1;s:10:\"01-22-2026\";i:1;s:10:\"02-02-2026\";i:1;s:10:\"02-08-2026\";i:1;s:10:\"02-16-2026\";i:1;s:10:\"03-02-2026\";i:1;s:10:\"03-09-2026\";i:1;s:10:\"03-25-2026\";i:1;s:10:\"04-03-2026\";i:1;s:10:\"04-24-2026\";i:1;s:10:\"04-29-2026\";i:1;}"],"houzez_recently_viewed":["2026-04-29 23:43:54"],"_thumbnail_id":["14731"]},"_links":{"self":[{"href":"https:\/\/vacationvillas.es\/es\/wp-json\/wp\/v2\/properties\/21087","targetHints":{"allow":["GET"]}}],"collection":[{"href":"https:\/\/vacationvillas.es\/es\/wp-json\/wp\/v2\/properties"}],"about":[{"href":"https:\/\/vacationvillas.es\/es\/wp-json\/wp\/v2\/types\/property"}],"author":[{"embeddable":true,"href":"https:\/\/vacationvillas.es\/es\/wp-json\/wp\/v2\/users\/2"}],"version-history":[{"count":0,"href":"https:\/\/vacationvillas.es\/es\/wp-json\/wp\/v2\/properties\/21087\/revisions"}],"wp:featuredmedia":[{"embeddable":true,"href":"https:\/\/vacationvillas.es\/es\/wp-json\/wp\/v2\/media\/14731"}],"wp:attachment":[{"href":"https:\/\/vacationvillas.es\/es\/wp-json\/wp\/v2\/media?parent=21087"}],"wp:term":[{"taxonomy":"property_type","embeddable":true,"href":"https:\/\/vacationvillas.es\/es\/wp-json\/wp\/v2\/property_type?post=21087"},{"taxonomy":"property_status","embeddable":true,"href":"https:\/\/vacationvillas.es\/es\/wp-json\/wp\/v2\/property_status?post=21087"},{"taxonomy":"property_feature","embeddable":true,"href":"https:\/\/vacationvillas.es\/es\/wp-json\/wp\/v2\/property_feature?post=21087"},{"taxonomy":"property_label","embeddable":true,"href":"https:\/\/vacationvillas.es\/es\/wp-json\/wp\/v2\/property_label?post=21087"},{"taxonomy":"property_country","embeddable":true,"href":"https:\/\/vacationvillas.es\/es\/wp-json\/wp\/v2\/property_country?post=21087"},{"taxonomy":"property_state","embeddable":true,"href":"https:\/\/vacationvillas.es\/es\/wp-json\/wp\/v2\/property_state?post=21087"},{"taxonomy":"property_city","embeddable":true,"href":"https:\/\/vacationvillas.es\/es\/wp-json\/wp\/v2\/property_city?post=21087"},{"taxonomy":"property_area","embeddable":true,"href":"https:\/\/vacationvillas.es\/es\/wp-json\/wp\/v2\/property_area?post=21087"}],"curies":[{"name":"wp","href":"https:\/\/api.w.org\/{rel}","templated":true}]}}